{"version":"1.0","provider_name":"Egysz\u00fcl\u0151s csal\u00e1d","provider_url":"https:\/\/anyoca.cafeblog.hu","author_name":"Any\u00f3ca","author_url":"https:\/\/anyoca.cafeblog.hu\/author\/anyoca\/","title":"V\u00e1rand\u00f3s\u00e1g","html":"Most m\u00e1r \u00edgy visszatekintve nem is biztos, hogy a v\u00e1rand\u00f3s\u00e1g alatt annyira felt\u0171nt, hogy nem vagyunk csal\u00e1d. Pedig egyed\u00fcl csin\u00e1ltam v\u00e9gig. De ki az, aki nem? Sokan hi\u00e1ba \u00e9lnek \u201enorm\u00e1lis\u201d p\u00e1rkapcsolatban, csal\u00e1dban, ha k\u00f6zben m\u00e9g is egyed\u00fcl vannak.\r\n\r\nAz \u00e9n \u201ep\u00e1rom\u201d ott volt velem a n\u0151gy\u00f3gy\u00e1szn\u00e1l mikor eld\u00f6nt\u00f6tt\u00fck bab\u00e1t szeretn\u00e9nk. Azt\u00e1n ott volt mindig a fontosabb vizsg\u00e1latokn\u00e1l. Idegeskedet a v\u00e1r\u00f3ban, m\u00edg a kromosz\u00f3ma vizsg\u00e1latot v\u00e9gezt\u00e9k (\u201ehasba sz\u00far\u00e1sos\u201d vizsg\u00e1lat). Azt\u00e1n elk\u00eds\u00e9rt \u00e9s szor\u00edtotta a kezem az eredm\u00e9nyre v\u00e1rva, hogy minden rendben. Egy\u00fctt k\u00f6nnyezt\u00fck meg a 4D felv\u00e9telt. A pocakfot\u00f3z\u00e1son is velem p\u00f3zolt. \u00a0A gyerekb\u00fatort \u0150 szerelte \u00f6ssze. A sz\u00fcl\u0151szob\u00e1ra is bej\u00f6tt velem, mert Ap\u00e1s sz\u00fcl\u00e9st szeretett volna, de a v\u00e9g\u00e9n ez nem j\u00f6tt \u00f6ssze. Sz\u00f3val, ahogy \u0150 mondta mindig ott volt, amikor sz\u00fcks\u00e9g volt r\u00e1.\r\n\r\nDe nekem m\u00e9g is hi\u00e1nyzott. Hi\u00e1nyzott, hogy felseg\u00edtsen este a TV el\u0151l, mikor m\u00e1r nehezen mozogtam. Hi\u00e1nyzott, hogy hozzon egy poh\u00e1r vizet, megmassz\u00edrozza a h\u00e1tamat, odab\u00fajjak az \u00e1lmatlan \u00e9jszak\u00e1kon mell\u00e9. Az est\u00e9k mag\u00e1ny\u00e1ban sokat s\u00edrtam. Pedig tudtam ez nem tesz j\u00f3t. Az els\u0151 h\u00f3napokban a kisfiam sokat s\u00edrt \u00e1lm\u00e1ban. Lehet, hogy ez volt az oka?","type":"rich"}